{"id":26112,"date":"2025-05-01T23:07:35","date_gmt":"2025-05-02T02:07:35","guid":{"rendered":"http:\/\/localhost\/faci-wordpress\/?page_id=26112"},"modified":"2025-08-11T12:11:43","modified_gmt":"2025-08-11T15:11:43","slug":"novedades","status":"publish","type":"page","link":"https:\/\/ciencias.ubiobio.cl\/faci\/index.php\/novedades\/","title":{"rendered":"Novedades"},"content":{"rendered":"\t\t<div data-elementor-type=\"wp-post\" data-elementor-id=\"26112\" class=\"elementor elementor-26112\">\n\t\t\t\t<div class=\"elementor-element elementor-element-7c1e0b9 e-flex e-con-boxed e-con e-parent\" data-id=\"7c1e0b9\" data-element_type=\"container\" data-settings=\"{&quot;background_background&quot;:&quot;gradient&quot;}\">\n\t\t\t\t\t<div class=\"e-con-inner\">\n\t\t<div class=\"elementor-element elementor-element-edd70a4 e-con-full e-flex e-con e-child\" data-id=\"edd70a4\" data-element_type=\"container\">\n\t\t\t\t<div class=\"elementor-element elementor-element-4e873bb elementor-widget elementor-widget-image-box\" data-id=\"4e873bb\" data-element_type=\"widget\" data-widget_type=\"image-box.default\">\n\t\t\t\t<div class=\"elementor-widget-container\">\n\t\t\t\t\t<div class=\"elementor-image-box-wrapper\"><div class=\"elementor-image-box-content\"><h1 class=\"elementor-image-box-title\">Novedades<\/h1><\/div><\/div>\t\t\t\t<\/div>\n\t\t\t\t<\/div>\n\t\t\t\t<\/div>\n\t\t\t\t\t<\/div>\n\t\t\t\t<\/div>\n\t\t<div class=\"elementor-element elementor-element-13b9b73 e-flex e-con-boxed e-con e-parent\" data-id=\"13b9b73\" data-element_type=\"container\">\n\t\t\t\t\t<div class=\"e-con-inner\">\n\t\t\t\t<div class=\"elementor-element elementor-element-88203e7 elementor-widget elementor-widget-heading\" data-id=\"88203e7\" data-element_type=\"widget\" data-widget_type=\"heading.default\">\n\t\t\t\t<div class=\"elementor-widget-container\">\n\t\t\t\t\t<h2 class=\"elementor-heading-title elementor-size-default\">Noticias\u200b<\/h2>\t\t\t\t<\/div>\n\t\t\t\t<\/div>\n\t\t\t\t\t<\/div>\n\t\t\t\t<\/div>\n\t\t<div class=\"elementor-element elementor-element-1075bb6 e-flex e-con-boxed e-con e-parent\" data-id=\"1075bb6\" data-element_type=\"container\">\n\t\t\t\t\t<div class=\"e-con-inner\">\n\t\t\t\t<div class=\"elementor-element elementor-element-c9057cb elementor-grid-eael-col-3 elementor-grid-tablet-eael-col-2 elementor-grid-mobile-eael-col-1 elementor-widget elementor-widget-eael-post-grid\" data-id=\"c9057cb\" data-element_type=\"widget\" data-settings=\"{&quot;eael_post_grid_columns&quot;:&quot;eael-col-3&quot;,&quot;eael_post_grid_columns_tablet&quot;:&quot;eael-col-2&quot;,&quot;eael_post_grid_columns_mobile&quot;:&quot;eael-col-1&quot;}\" data-widget_type=\"eael-post-grid.default\">\n\t\t\t\t<div class=\"elementor-widget-container\">\n\t\t\t\t\t<div id=\"eael-post-grid-c9057cb\" class=\"eael-post-grid-container\">\n            <div class=\"eael-post-grid eael-post-appender eael-post-appender-c9057cb eael-post-grid-style-two\" data-layout-mode=\"masonry\"><article class=\"eael-grid-post eael-post-grid-column\" data-id=\"27171\">\n    <div class=\"eael-grid-post-holder\">\n        <div class=\"eael-grid-post-holder-inner\"><div class=\"eael-entry-media\"><div class=\"eael-entry-overlay fade-in\"><i class=\"fas fa-long-arrow-alt-right\" aria-hidden=\"true\"><\/i><a href=\"https:\/\/ciencias.ubiobio.cl\/faci\/index.php\/2026\/03\/09\/xxxviii-jornada-de-matematica-de-la-zona-sur-2026\/\"><\/a><\/div><div class=\"eael-entry-thumbnail eael-image-ratio\">\n                            <img fetchpriority=\"high\" decoding=\"async\" width=\"1024\" height=\"710\" src=\"https:\/\/ciencias.ubiobio.cl\/faci\/wp-content\/uploads\/2026\/03\/banner_web_ubb-02-1024x710.jpg\" class=\"attachment-large size-large wp-image-27172\" alt=\"\" srcset=\"https:\/\/ciencias.ubiobio.cl\/faci\/wp-content\/uploads\/2026\/03\/banner_web_ubb-02-1024x710.jpg 1024w, https:\/\/ciencias.ubiobio.cl\/faci\/wp-content\/uploads\/2026\/03\/banner_web_ubb-02-300x208.jpg 300w, https:\/\/ciencias.ubiobio.cl\/faci\/wp-content\/uploads\/2026\/03\/banner_web_ubb-02-768x532.jpg 768w, https:\/\/ciencias.ubiobio.cl\/faci\/wp-content\/uploads\/2026\/03\/banner_web_ubb-02.jpg 1189w\" sizes=\"(max-width: 1024px) 100vw, 1024px\" \/>\n                            <\/div>\n                    <\/div><div class=\"eael-entry-wrapper\"><header class=\"eael-entry-header\"><h4 class=\"eael-entry-title\"><a class=\"eael-grid-post-link\" href=\"https:\/\/ciencias.ubiobio.cl\/faci\/index.php\/2026\/03\/09\/xxxviii-jornada-de-matematica-de-la-zona-sur-2026\/\" title=\"XXXVIII Jornada de Matem\u00e1tica de la Zona Sur 2026\">XXXVIII Jornada de Matem\u00e1tica de la Zona Sur 2026<\/a><\/h4><\/header><div class=\"eael-entry-content\">\n                                <div class=\"eael-grid-post-excerpt\"><p>XXXVIII Jornada de Matem\u00e1tica de la Zona Sur 2026 La Universidad...<\/p><a href=\"https:\/\/ciencias.ubiobio.cl\/faci\/index.php\/2026\/03\/09\/xxxviii-jornada-de-matematica-de-la-zona-sur-2026\/\" class=\"eael-post-elements-readmore-btn\">Leer m\u00e1s<\/a><\/div>\n                            <\/div><div class=\"eael-entry-header-after style-two\"><div class=\"eael-entry-meta\"><span class=\"eael-meta-posted-on\"><i class=\"far fa-clock\"><\/i><time datetime=\"9 de Marzo de 2026\">9 de Marzo de 2026<\/time><\/span><\/div><\/div><\/div><\/div>\n    <\/div>\n<\/article><article class=\"eael-grid-post eael-post-grid-column\" data-id=\"26636\">\n    <div class=\"eael-grid-post-holder\">\n        <div class=\"eael-grid-post-holder-inner\"><div class=\"eael-entry-media\"><div class=\"eael-entry-overlay fade-in\"><i class=\"fas fa-long-arrow-alt-right\" aria-hidden=\"true\"><\/i><a href=\"https:\/\/ciencias.ubiobio.cl\/faci\/index.php\/2025\/08\/11\/escuela-de-primavera-2025-eubb-2025\/\"><\/a><\/div><div class=\"eael-entry-thumbnail eael-image-ratio\">\n                            <img decoding=\"async\" width=\"693\" height=\"1024\" src=\"https:\/\/ciencias.ubiobio.cl\/faci\/wp-content\/uploads\/2025\/08\/Afiche-EPRIMA-Escuela-Primavera-2025-693x1024.png\" class=\"attachment-large size-large wp-image-26638\" alt=\"\" srcset=\"https:\/\/ciencias.ubiobio.cl\/faci\/wp-content\/uploads\/2025\/08\/Afiche-EPRIMA-Escuela-Primavera-2025-693x1024.png 693w, https:\/\/ciencias.ubiobio.cl\/faci\/wp-content\/uploads\/2025\/08\/Afiche-EPRIMA-Escuela-Primavera-2025-203x300.png 203w, https:\/\/ciencias.ubiobio.cl\/faci\/wp-content\/uploads\/2025\/08\/Afiche-EPRIMA-Escuela-Primavera-2025-768x1135.png 768w, https:\/\/ciencias.ubiobio.cl\/faci\/wp-content\/uploads\/2025\/08\/Afiche-EPRIMA-Escuela-Primavera-2025-1040x1536.png 1040w, https:\/\/ciencias.ubiobio.cl\/faci\/wp-content\/uploads\/2025\/08\/Afiche-EPRIMA-Escuela-Primavera-2025-1386x2048.png 1386w, https:\/\/ciencias.ubiobio.cl\/faci\/wp-content\/uploads\/2025\/08\/Afiche-EPRIMA-Escuela-Primavera-2025-600x886.png 600w, https:\/\/ciencias.ubiobio.cl\/faci\/wp-content\/uploads\/2025\/08\/Afiche-EPRIMA-Escuela-Primavera-2025-scaled.png 1733w\" sizes=\"(max-width: 693px) 100vw, 693px\" \/>\n                            <\/div>\n                    <\/div><div class=\"eael-entry-wrapper\"><header class=\"eael-entry-header\"><h4 class=\"eael-entry-title\"><a class=\"eael-grid-post-link\" href=\"https:\/\/ciencias.ubiobio.cl\/faci\/index.php\/2025\/08\/11\/escuela-de-primavera-2025-eubb-2025\/\" title=\"Escuela de Primavera 2025, E&#039;(UBB)- 2025\">Escuela de Primavera 2025, E'(UBB)- 2025<\/a><\/h4><\/header><div class=\"eael-entry-content\">\n                                <div class=\"eael-grid-post-excerpt\"><p>Escuela de Primavera 2025, E'(UBB)- 2025 Escuela de Primavera en Matem\u00e1tica...<\/p><a href=\"https:\/\/ciencias.ubiobio.cl\/faci\/index.php\/2025\/08\/11\/escuela-de-primavera-2025-eubb-2025\/\" class=\"eael-post-elements-readmore-btn\">Leer m\u00e1s<\/a><\/div>\n                            <\/div><div class=\"eael-entry-header-after style-two\"><div class=\"eael-entry-meta\"><span class=\"eael-meta-posted-on\"><i class=\"far fa-clock\"><\/i><time datetime=\"11 de Agosto de 2025\">11 de Agosto de 2025<\/time><\/span><\/div><\/div><\/div><\/div>\n    <\/div>\n<\/article><article class=\"eael-grid-post eael-post-grid-column\" data-id=\"25730\">\n    <div class=\"eael-grid-post-holder\">\n        <div class=\"eael-grid-post-holder-inner\"><div class=\"eael-entry-media\"><div class=\"eael-entry-overlay fade-in\"><i class=\"fas fa-long-arrow-alt-right\" aria-hidden=\"true\"><\/i><a href=\"https:\/\/ciencias.ubiobio.cl\/faci\/index.php\/2025\/04\/08\/docentes-y-estudiantes-de-postgrado-de-la-facultad-de-ciencias-participaron-en-el-comca2023\/\"><\/a><\/div><div class=\"eael-entry-thumbnail eael-image-ratio\">\n                            <img decoding=\"async\" width=\"1024\" height=\"389\" src=\"https:\/\/ciencias.ubiobio.cl\/faci\/wp-content\/uploads\/2025\/04\/image.png\" class=\"attachment-large size-large wp-image-25731\" alt=\"\" srcset=\"https:\/\/ciencias.ubiobio.cl\/faci\/wp-content\/uploads\/2025\/04\/image.png 1025w, https:\/\/ciencias.ubiobio.cl\/faci\/wp-content\/uploads\/2025\/04\/image-600x228.png 600w, https:\/\/ciencias.ubiobio.cl\/faci\/wp-content\/uploads\/2025\/04\/image-300x114.png 300w, https:\/\/ciencias.ubiobio.cl\/faci\/wp-content\/uploads\/2025\/04\/image-768x291.png 768w\" sizes=\"(max-width: 1024px) 100vw, 1024px\" \/>\n                            <\/div>\n                    <\/div><div class=\"eael-entry-wrapper\"><header class=\"eael-entry-header\"><h4 class=\"eael-entry-title\"><a class=\"eael-grid-post-link\" href=\"https:\/\/ciencias.ubiobio.cl\/faci\/index.php\/2025\/04\/08\/docentes-y-estudiantes-de-postgrado-de-la-facultad-de-ciencias-participaron-en-el-comca2023\/\" title=\"Docentes y estudiantes de postgrado de la Facultad de Ciencias participaron en el COMCA2023\">Docentes y estudiantes de postgrado de la Facultad de Ciencias participaron en el COMCA2023<\/a><\/h4><\/header><div class=\"eael-entry-content\">\n                                <div class=\"eael-grid-post-excerpt\"><p>Acad\u00e9micos\/as y estudiantes de la Facultad de Ciencias de la Universidad...<\/p><a href=\"https:\/\/ciencias.ubiobio.cl\/faci\/index.php\/2025\/04\/08\/docentes-y-estudiantes-de-postgrado-de-la-facultad-de-ciencias-participaron-en-el-comca2023\/\" class=\"eael-post-elements-readmore-btn\">Leer m\u00e1s<\/a><\/div>\n                            <\/div><div class=\"eael-entry-header-after style-two\"><div class=\"eael-entry-meta\"><span class=\"eael-meta-posted-on\"><i class=\"far fa-clock\"><\/i><time datetime=\"8 de Abril de 2025\">8 de Abril de 2025<\/time><\/span><\/div><\/div><\/div><\/div>\n    <\/div>\n<\/article><article class=\"eael-grid-post eael-post-grid-column\" data-id=\"26594\">\n    <div class=\"eael-grid-post-holder\">\n        <div class=\"eael-grid-post-holder-inner\"><div class=\"eael-entry-media\"><div class=\"eael-entry-overlay fade-in\"><i class=\"fas fa-long-arrow-alt-right\" aria-hidden=\"true\"><\/i><a href=\"https:\/\/ciencias.ubiobio.cl\/faci\/index.php\/2025\/01\/15\/noticia-4\/\"><\/a><\/div><div class=\"eael-entry-thumbnail eael-image-ratio\">\n                            <img loading=\"lazy\" decoding=\"async\" width=\"501\" height=\"1024\" src=\"https:\/\/ciencias.ubiobio.cl\/faci\/wp-content\/uploads\/2025\/06\/DESTACADOS-Gerente-Operativo-de-empresas-Arauco-expuso-sobre-la-estadistica-y-su-rol-fundamental-en-la-ciencia-de-datos-501x1024.png\" class=\"attachment-large size-large wp-image-26595\" alt=\"\" srcset=\"https:\/\/ciencias.ubiobio.cl\/faci\/wp-content\/uploads\/2025\/06\/DESTACADOS-Gerente-Operativo-de-empresas-Arauco-expuso-sobre-la-estadistica-y-su-rol-fundamental-en-la-ciencia-de-datos-501x1024.png 501w, https:\/\/ciencias.ubiobio.cl\/faci\/wp-content\/uploads\/2025\/06\/DESTACADOS-Gerente-Operativo-de-empresas-Arauco-expuso-sobre-la-estadistica-y-su-rol-fundamental-en-la-ciencia-de-datos-147x300.png 147w, https:\/\/ciencias.ubiobio.cl\/faci\/wp-content\/uploads\/2025\/06\/DESTACADOS-Gerente-Operativo-de-empresas-Arauco-expuso-sobre-la-estadistica-y-su-rol-fundamental-en-la-ciencia-de-datos-768x1570.png 768w, https:\/\/ciencias.ubiobio.cl\/faci\/wp-content\/uploads\/2025\/06\/DESTACADOS-Gerente-Operativo-de-empresas-Arauco-expuso-sobre-la-estadistica-y-su-rol-fundamental-en-la-ciencia-de-datos-751x1536.png 751w, https:\/\/ciencias.ubiobio.cl\/faci\/wp-content\/uploads\/2025\/06\/DESTACADOS-Gerente-Operativo-de-empresas-Arauco-expuso-sobre-la-estadistica-y-su-rol-fundamental-en-la-ciencia-de-datos-1002x2048.png 1002w, https:\/\/ciencias.ubiobio.cl\/faci\/wp-content\/uploads\/2025\/06\/DESTACADOS-Gerente-Operativo-de-empresas-Arauco-expuso-sobre-la-estadistica-y-su-rol-fundamental-en-la-ciencia-de-datos-600x1227.png 600w, https:\/\/ciencias.ubiobio.cl\/faci\/wp-content\/uploads\/2025\/06\/DESTACADOS-Gerente-Operativo-de-empresas-Arauco-expuso-sobre-la-estadistica-y-su-rol-fundamental-en-la-ciencia-de-datos-scaled.png 1252w\" sizes=\"(max-width: 501px) 100vw, 501px\" \/>\n                            <\/div>\n                    <\/div><div class=\"eael-entry-wrapper\"><header class=\"eael-entry-header\"><h4 class=\"eael-entry-title\"><a class=\"eael-grid-post-link\" href=\"https:\/\/ciencias.ubiobio.cl\/faci\/index.php\/2025\/01\/15\/noticia-4\/\" title=\"Gerente Operativo de empresas Arauco expuso sobre la estad\u00edstica y su rol fundamental en la ciencia de datos\">Gerente Operativo de empresas Arauco expuso sobre la estad\u00edstica y su rol fundamental en la ciencia de datos<\/a><\/h4><\/header><div class=\"eael-entry-content\">\n                                <div class=\"eael-grid-post-excerpt\"><p>Gerente Operativo de empresas Arauco expuso sobre la estad\u00edstica y su...<\/p><a href=\"https:\/\/ciencias.ubiobio.cl\/faci\/index.php\/2025\/01\/15\/noticia-4\/\" class=\"eael-post-elements-readmore-btn\">Leer m\u00e1s<\/a><\/div>\n                            <\/div><div class=\"eael-entry-header-after style-two\"><div class=\"eael-entry-meta\"><span class=\"eael-meta-posted-on\"><i class=\"far fa-clock\"><\/i><time datetime=\"15 de Enero de 2025\">15 de Enero de 2025<\/time><\/span><\/div><\/div><\/div><\/div>\n    <\/div>\n<\/article><\/div>\n            <div class=\"clearfix\"><\/div>\n        <\/div>            <div class=\"eael-load-more-button-wrap\">\n                <button class=\"eael-load-more-button\" id=\"eael-load-more-btn-c9057cb\" data-widget-id=\"c9057cb\" data-widget=\"c9057cb\" data-page-id=\"26112\" data-template=\"{&quot;dir&quot;:&quot;lite&quot;,&quot;file_name&quot;:&quot;two.php&quot;,&quot;name&quot;:&quot;Post-Grid&quot;}\" data-class=\"Essential_Addons_Elementor\\Elements\\Post_Grid\" data-layout=\"masonry\" data-page=\"1\" data-args=\"orderby=date&amp;order=desc&amp;ignore_sticky_posts=1&amp;post_status=publish&amp;posts_per_page=4&amp;offset=0&amp;post_type=post&amp;tax_query%5B0%5D%5Btaxonomy%5D=category&amp;tax_query%5B0%5D%5Bfield%5D=term_id&amp;tax_query%5B0%5D%5Bterms%5D%5B0%5D=34&amp;tax_query%5Brelation%5D=AND\" data-max-page=\"2\">\n                    <span class=\"eael-btn-loader button__loader\"><\/span>\n                    <span class=\"eael_load_more_text\">Cargar m\u00e1s<\/span>\n                <\/button>\n            <\/div>\n            \t\t\t\t<\/div>\n\t\t\t\t<\/div>\n\t\t\t\t\t<\/div>\n\t\t\t\t<\/div>\n\t\t<div class=\"elementor-element elementor-element-24c37ab e-flex e-con-boxed e-con e-parent\" data-id=\"24c37ab\" data-element_type=\"container\">\n\t\t\t\t\t<div class=\"e-con-inner\">\n\t\t\t\t<div class=\"elementor-element elementor-element-801bda3 elementor-widget-divider--view-line elementor-widget elementor-widget-divider\" data-id=\"801bda3\" data-element_type=\"widget\" data-widget_type=\"divider.default\">\n\t\t\t\t<div class=\"elementor-widget-container\">\n\t\t\t\t\t\t\t<div class=\"elementor-divider\">\n\t\t\t<span class=\"elementor-divider-separator\">\n\t\t\t\t\t\t<\/span>\n\t\t<\/div>\n\t\t\t\t\t\t<\/div>\n\t\t\t\t<\/div>\n\t\t\t\t\t<\/div>\n\t\t\t\t<\/div>\n\t\t<div class=\"elementor-element elementor-element-9e87caa e-flex e-con-boxed e-con e-parent\" data-id=\"9e87caa\" data-element_type=\"container\">\n\t\t\t\t\t<div class=\"e-con-inner\">\n\t\t\t\t<div class=\"elementor-element elementor-element-f562588 elementor-widget elementor-widget-heading\" data-id=\"f562588\" data-element_type=\"widget\" data-widget_type=\"heading.default\">\n\t\t\t\t<div class=\"elementor-widget-container\">\n\t\t\t\t\t<h2 class=\"elementor-heading-title elementor-size-default\">Eventos<\/h2>\t\t\t\t<\/div>\n\t\t\t\t<\/div>\n\t\t\t\t\t<\/div>\n\t\t\t\t<\/div>\n\t\t<div class=\"elementor-element elementor-element-2f3885c e-flex e-con-boxed e-con e-parent\" data-id=\"2f3885c\" data-element_type=\"container\">\n\t\t\t\t\t<div class=\"e-con-inner\">\n\t\t\t\t<div class=\"elementor-element elementor-element-2cb2df7 elementor-grid-eael-col-4 elementor-grid-tablet-eael-col-2 elementor-grid-mobile-eael-col-1 elementor-widget elementor-widget-eael-post-grid\" data-id=\"2cb2df7\" data-element_type=\"widget\" data-settings=\"{&quot;eael_post_grid_columns&quot;:&quot;eael-col-4&quot;,&quot;eael_post_grid_columns_tablet&quot;:&quot;eael-col-2&quot;,&quot;eael_post_grid_columns_mobile&quot;:&quot;eael-col-1&quot;}\" data-widget_type=\"eael-post-grid.default\">\n\t\t\t\t<div class=\"elementor-widget-container\">\n\t\t\t\t\t<div id=\"eael-post-grid-2cb2df7\" class=\"eael-post-grid-container\">\n            <div class=\"eael-post-grid eael-post-appender eael-post-appender-2cb2df7 eael-post-grid-style-two\" data-layout-mode=\"masonry\"><article class=\"eael-grid-post eael-post-grid-column\" data-id=\"27232\">\n    <div class=\"eael-grid-post-holder\">\n        <div class=\"eael-grid-post-holder-inner\"><div class=\"eael-entry-media\"><div class=\"eael-entry-overlay fade-in\"><i class=\"fas fa-long-arrow-alt-right\" aria-hidden=\"true\"><\/i><a href=\"https:\/\/ciencias.ubiobio.cl\/faci\/index.php\/2026\/03\/13\/xi-slimp-2026\/\"><\/a><\/div><div class=\"eael-entry-thumbnail eael-image-ratio\">\n                            <img loading=\"lazy\" decoding=\"async\" width=\"819\" height=\"1024\" src=\"https:\/\/ciencias.ubiobio.cl\/faci\/wp-content\/uploads\/2026\/03\/para_comunicaciones-19-1-819x1024.jpg\" class=\"attachment-large size-large wp-image-27234\" alt=\"\" srcset=\"https:\/\/ciencias.ubiobio.cl\/faci\/wp-content\/uploads\/2026\/03\/para_comunicaciones-19-1-819x1024.jpg 819w, https:\/\/ciencias.ubiobio.cl\/faci\/wp-content\/uploads\/2026\/03\/para_comunicaciones-19-1-240x300.jpg 240w, https:\/\/ciencias.ubiobio.cl\/faci\/wp-content\/uploads\/2026\/03\/para_comunicaciones-19-1-768x960.jpg 768w, https:\/\/ciencias.ubiobio.cl\/faci\/wp-content\/uploads\/2026\/03\/para_comunicaciones-19-1.jpg 1081w\" sizes=\"(max-width: 819px) 100vw, 819px\" \/>\n                            <\/div>\n                    <\/div><div class=\"eael-entry-wrapper\"><header class=\"eael-entry-header\"><h4 class=\"eael-entry-title\"><a class=\"eael-grid-post-link\" href=\"https:\/\/ciencias.ubiobio.cl\/faci\/index.php\/2026\/03\/13\/xi-slimp-2026\/\" title=\"XI SLIMP 2026\">XI SLIMP 2026<\/a><\/h4><\/header><div class=\"eael-entry-header-after style-two\"><div class=\"eael-entry-meta\"><span class=\"eael-posted-on eael-meta-posted-on\"><i class=\"far fa-clock\"><\/i><time datetime=\"13 de Marzo de 2026\">13 de Marzo de 2026<\/time><\/span><\/div><\/div><div class=\"eael-entry-content\">\n                                <div class=\"eael-grid-post-excerpt\"><p>XI SLIMP 2026 SLIMP 2026, &#8220;Construyendo puentes en la salud...<\/p><a href=\"https:\/\/ciencias.ubiobio.cl\/faci\/index.php\/2026\/03\/13\/xi-slimp-2026\/\" class=\"eael-post-elements-readmore-btn\">Leer m\u00e1s<\/a><\/div>\n                            <\/div><\/div><\/div>\n    <\/div>\n<\/article><article class=\"eael-grid-post eael-post-grid-column\" data-id=\"27171\">\n    <div class=\"eael-grid-post-holder\">\n        <div class=\"eael-grid-post-holder-inner\"><div class=\"eael-entry-media\"><div class=\"eael-entry-overlay fade-in\"><i class=\"fas fa-long-arrow-alt-right\" aria-hidden=\"true\"><\/i><a href=\"https:\/\/ciencias.ubiobio.cl\/faci\/index.php\/2026\/03\/09\/xxxviii-jornada-de-matematica-de-la-zona-sur-2026\/\"><\/a><\/div><div class=\"eael-entry-thumbnail eael-image-ratio\">\n                            <img fetchpriority=\"high\" decoding=\"async\" width=\"1024\" height=\"710\" src=\"https:\/\/ciencias.ubiobio.cl\/faci\/wp-content\/uploads\/2026\/03\/banner_web_ubb-02-1024x710.jpg\" class=\"attachment-large size-large wp-image-27172\" alt=\"\" srcset=\"https:\/\/ciencias.ubiobio.cl\/faci\/wp-content\/uploads\/2026\/03\/banner_web_ubb-02-1024x710.jpg 1024w, https:\/\/ciencias.ubiobio.cl\/faci\/wp-content\/uploads\/2026\/03\/banner_web_ubb-02-300x208.jpg 300w, https:\/\/ciencias.ubiobio.cl\/faci\/wp-content\/uploads\/2026\/03\/banner_web_ubb-02-768x532.jpg 768w, https:\/\/ciencias.ubiobio.cl\/faci\/wp-content\/uploads\/2026\/03\/banner_web_ubb-02.jpg 1189w\" sizes=\"(max-width: 1024px) 100vw, 1024px\" \/>\n                            <\/div>\n                    <\/div><div class=\"eael-entry-wrapper\"><header class=\"eael-entry-header\"><h4 class=\"eael-entry-title\"><a class=\"eael-grid-post-link\" href=\"https:\/\/ciencias.ubiobio.cl\/faci\/index.php\/2026\/03\/09\/xxxviii-jornada-de-matematica-de-la-zona-sur-2026\/\" title=\"XXXVIII Jornada de Matem\u00e1tica de la Zona Sur 2026\">XXXVIII Jornada de Matem\u00e1tica de la Zona Sur 2026<\/a><\/h4><\/header><div class=\"eael-entry-header-after style-two\"><div class=\"eael-entry-meta\"><span class=\"eael-posted-on eael-meta-posted-on\"><i class=\"far fa-clock\"><\/i><time datetime=\"9 de Marzo de 2026\">9 de Marzo de 2026<\/time><\/span><\/div><\/div><div class=\"eael-entry-content\">\n                                <div class=\"eael-grid-post-excerpt\"><p>XXXVIII Jornada de Matem\u00e1tica de la Zona Sur 2026 La...<\/p><a href=\"https:\/\/ciencias.ubiobio.cl\/faci\/index.php\/2026\/03\/09\/xxxviii-jornada-de-matematica-de-la-zona-sur-2026\/\" class=\"eael-post-elements-readmore-btn\">Leer m\u00e1s<\/a><\/div>\n                            <\/div><\/div><\/div>\n    <\/div>\n<\/article><article class=\"eael-grid-post eael-post-grid-column\" data-id=\"26636\">\n    <div class=\"eael-grid-post-holder\">\n        <div class=\"eael-grid-post-holder-inner\"><div class=\"eael-entry-media\"><div class=\"eael-entry-overlay fade-in\"><i class=\"fas fa-long-arrow-alt-right\" aria-hidden=\"true\"><\/i><a href=\"https:\/\/ciencias.ubiobio.cl\/faci\/index.php\/2025\/08\/11\/escuela-de-primavera-2025-eubb-2025\/\"><\/a><\/div><div class=\"eael-entry-thumbnail eael-image-ratio\">\n                            <img decoding=\"async\" width=\"693\" height=\"1024\" src=\"https:\/\/ciencias.ubiobio.cl\/faci\/wp-content\/uploads\/2025\/08\/Afiche-EPRIMA-Escuela-Primavera-2025-693x1024.png\" class=\"attachment-large size-large wp-image-26638\" alt=\"\" srcset=\"https:\/\/ciencias.ubiobio.cl\/faci\/wp-content\/uploads\/2025\/08\/Afiche-EPRIMA-Escuela-Primavera-2025-693x1024.png 693w, https:\/\/ciencias.ubiobio.cl\/faci\/wp-content\/uploads\/2025\/08\/Afiche-EPRIMA-Escuela-Primavera-2025-203x300.png 203w, https:\/\/ciencias.ubiobio.cl\/faci\/wp-content\/uploads\/2025\/08\/Afiche-EPRIMA-Escuela-Primavera-2025-768x1135.png 768w, https:\/\/ciencias.ubiobio.cl\/faci\/wp-content\/uploads\/2025\/08\/Afiche-EPRIMA-Escuela-Primavera-2025-1040x1536.png 1040w, https:\/\/ciencias.ubiobio.cl\/faci\/wp-content\/uploads\/2025\/08\/Afiche-EPRIMA-Escuela-Primavera-2025-1386x2048.png 1386w, https:\/\/ciencias.ubiobio.cl\/faci\/wp-content\/uploads\/2025\/08\/Afiche-EPRIMA-Escuela-Primavera-2025-600x886.png 600w, https:\/\/ciencias.ubiobio.cl\/faci\/wp-content\/uploads\/2025\/08\/Afiche-EPRIMA-Escuela-Primavera-2025-scaled.png 1733w\" sizes=\"(max-width: 693px) 100vw, 693px\" \/>\n                            <\/div>\n                    <\/div><div class=\"eael-entry-wrapper\"><header class=\"eael-entry-header\"><h4 class=\"eael-entry-title\"><a class=\"eael-grid-post-link\" href=\"https:\/\/ciencias.ubiobio.cl\/faci\/index.php\/2025\/08\/11\/escuela-de-primavera-2025-eubb-2025\/\" title=\"Escuela de Primavera 2025, E&#039;(UBB)- 2025\">Escuela de Primavera 2025, E'(UBB)- 2025<\/a><\/h4><\/header><div class=\"eael-entry-header-after style-two\"><div class=\"eael-entry-meta\"><span class=\"eael-posted-on eael-meta-posted-on\"><i class=\"far fa-clock\"><\/i><time datetime=\"11 de Agosto de 2025\">11 de Agosto de 2025<\/time><\/span><\/div><\/div><div class=\"eael-entry-content\">\n                                <div class=\"eael-grid-post-excerpt\"><p>Escuela de Primavera 2025, E'(UBB)- 2025 Escuela de Primavera en...<\/p><a href=\"https:\/\/ciencias.ubiobio.cl\/faci\/index.php\/2025\/08\/11\/escuela-de-primavera-2025-eubb-2025\/\" class=\"eael-post-elements-readmore-btn\">Leer m\u00e1s<\/a><\/div>\n                            <\/div><\/div><\/div>\n    <\/div>\n<\/article><article class=\"eael-grid-post eael-post-grid-column\" data-id=\"25733\">\n    <div class=\"eael-grid-post-holder\">\n        <div class=\"eael-grid-post-holder-inner\"><div class=\"eael-entry-media\"><div class=\"eael-entry-overlay fade-in\"><i class=\"fas fa-long-arrow-alt-right\" aria-hidden=\"true\"><\/i><a href=\"https:\/\/ciencias.ubiobio.cl\/faci\/index.php\/2025\/04\/08\/participa-en-la-encuesta-experiencias-de-genero-y-tiempo\/\"><\/a><\/div><div class=\"eael-entry-thumbnail eael-image-ratio\">\n                            <img loading=\"lazy\" decoding=\"async\" width=\"1024\" height=\"1024\" src=\"https:\/\/ciencias.ubiobio.cl\/faci\/wp-content\/uploads\/2025\/04\/image-1-1024x1024.png\" class=\"attachment-large size-large wp-image-25734\" alt=\"\" srcset=\"https:\/\/ciencias.ubiobio.cl\/faci\/wp-content\/uploads\/2025\/04\/image-1-1024x1024.png 1024w, https:\/\/ciencias.ubiobio.cl\/faci\/wp-content\/uploads\/2025\/04\/image-1-300x300.png 300w, https:\/\/ciencias.ubiobio.cl\/faci\/wp-content\/uploads\/2025\/04\/image-1-100x100.png 100w, https:\/\/ciencias.ubiobio.cl\/faci\/wp-content\/uploads\/2025\/04\/image-1-600x600.png 600w, https:\/\/ciencias.ubiobio.cl\/faci\/wp-content\/uploads\/2025\/04\/image-1-150x150.png 150w, https:\/\/ciencias.ubiobio.cl\/faci\/wp-content\/uploads\/2025\/04\/image-1-768x768.png 768w, https:\/\/ciencias.ubiobio.cl\/faci\/wp-content\/uploads\/2025\/04\/image-1.png 1080w\" sizes=\"(max-width: 1024px) 100vw, 1024px\" \/>\n                            <\/div>\n                    <\/div><div class=\"eael-entry-wrapper\"><header class=\"eael-entry-header\"><h4 class=\"eael-entry-title\"><a class=\"eael-grid-post-link\" href=\"https:\/\/ciencias.ubiobio.cl\/faci\/index.php\/2025\/04\/08\/participa-en-la-encuesta-experiencias-de-genero-y-tiempo\/\" title=\"\u00a1PARTICIPA! en la Encuesta Experiencias de Genero y Tiempo\">\u00a1PARTICIPA! en la Encuesta Experiencias de Genero y Tiempo<\/a><\/h4><\/header><div class=\"eael-entry-header-after style-two\"><div class=\"eael-entry-meta\"><span class=\"eael-posted-on eael-meta-posted-on\"><i class=\"far fa-clock\"><\/i><time datetime=\"8 de Abril de 2025\">8 de Abril de 2025<\/time><\/span><\/div><\/div><div class=\"eael-entry-content\">\n                                <div class=\"eael-grid-post-excerpt\"><p><\/p><a href=\"https:\/\/ciencias.ubiobio.cl\/faci\/index.php\/2025\/04\/08\/participa-en-la-encuesta-experiencias-de-genero-y-tiempo\/\" class=\"eael-post-elements-readmore-btn\">Leer m\u00e1s<\/a><\/div>\n                            <\/div><\/div><\/div>\n    <\/div>\n<\/article><\/div>\n            <div class=\"clearfix\"><\/div>\n        <\/div>\t\t\t\t<\/div>\n\t\t\t\t<\/div>\n\t\t\t\t\t<\/div>\n\t\t\t\t<\/div>\n\t\t<div class=\"elementor-element elementor-element-4511caa e-flex e-con-boxed e-con e-parent\" data-id=\"4511caa\" data-element_type=\"container\">\n\t\t\t\t\t<div class=\"e-con-inner\">\n\t\t\t\t<div class=\"elementor-element elementor-element-595a20a elementor-widget-divider--view-line elementor-widget elementor-widget-divider\" data-id=\"595a20a\" data-element_type=\"widget\" data-widget_type=\"divider.default\">\n\t\t\t\t<div class=\"elementor-widget-container\">\n\t\t\t\t\t\t\t<div class=\"elementor-divider\">\n\t\t\t<span class=\"elementor-divider-separator\">\n\t\t\t\t\t\t<\/span>\n\t\t<\/div>\n\t\t\t\t\t\t<\/div>\n\t\t\t\t<\/div>\n\t\t\t\t\t<\/div>\n\t\t\t\t<\/div>\n\t\t<div class=\"elementor-element elementor-element-3dc0943 e-flex e-con-boxed e-con e-parent\" data-id=\"3dc0943\" data-element_type=\"container\">\n\t\t\t\t\t<div class=\"e-con-inner\">\n\t\t\t\t<div class=\"elementor-element elementor-element-b5a21cd elementor-widget elementor-widget-heading\" data-id=\"b5a21cd\" data-element_type=\"widget\" data-widget_type=\"heading.default\">\n\t\t\t\t<div class=\"elementor-widget-container\">\n\t\t\t\t\t<h2 class=\"elementor-heading-title elementor-size-default\">RR.SS<\/h2>\t\t\t\t<\/div>\n\t\t\t\t<\/div>\n\t\t\t\t\t<\/div>\n\t\t\t\t<\/div>\n\t\t<div class=\"elementor-element elementor-element-fc38659 e-flex e-con-boxed e-con e-parent\" data-id=\"fc38659\" data-element_type=\"container\">\n\t\t\t\t\t<div class=\"e-con-inner\">\n\t\t\t\t<div class=\"elementor-element elementor-element-826e864 elementor-widget__width-auto elementor-widget elementor-widget-wp-social-ninja-instagram-widget\" data-id=\"826e864\" data-element_type=\"widget\" data-widget_type=\"wp-social-ninja-instagram-widget.default\">\n\t\t\t\t<div class=\"elementor-widget-container\">\n\t\t\t\t\t<div id=\"wpsr-ig-feed-26011\" class=\"wpsr-ig-feed-wrapper wpsr-feed-wrap wpsr_content wpsr-ig-feed-template1 wpsr-ig-feed-template-26011  \"   data-column=\"4\"><div class=\"wpsr-container wpsr-insta-feed-26011\">\n    <div class=\"wpsr-ig-header wpsr-gap-default\">\n        <div class=\"wpsr-ig-header-inner\">\n            <div class=\"wpsr-ig-header-logo\" data-account_id=\"\">\n  <a target=\"_blank\" rel=\"noopener noreferrer\" href=\"https:\/\/www.instagram.com\/cienciasubb\">\n    <img decoding=\"async\" src=\"https:\/\/scontent-scl3-1.cdninstagram.com\/v\/t51.2885-19\/434460665_284430794744796_566295447810309556_n.jpg?stp=dst-jpg_s206x206_tt6&#038;_nc_cat=102&#038;ccb=7-5&#038;_nc_sid=bf7eb4&#038;efg=eyJ2ZW5jb2RlX3RhZyI6InByb2ZpbGVfcGljLnd3dy4xMDgwLkMyIn0%3D&#038;_nc_ohc=FANV_-LkG5kQ7kNvwHfE-DZ&#038;_nc_oc=Adp2yNFkak8zD-VmRG4dOtMZTN1DoGd_wtnpO28cSXqNY4_UoazXxtDkUX-Vp3UoXyE&#038;_nc_zt=24&#038;_nc_ht=scontent-scl3-1.cdninstagram.com&#038;edm=AP4hL3IEAAAA&#038;_nc_tpa=Q5bMBQFCTs8flfx8NN8Jkt76ojTaochMmihu4BH5nNTXNhvVJojs_i8KTsOvFB8EkkrizAsbhXVFe6e1&#038;oh=00_Af08WrwxoVF8RqRyjrvzx1GQiuOrn5xgAjMMEAN9E_vsHg&#038;oe=69F76AA8\" alt=\"cienciasubb\">\n  <\/a>\n<\/div>\n            <div class=\"wpsr-ig-header-info\">\n                                    <div class=\"wpsr-ig-header-name\">\n                        <a target=\"_blank\"\n                           rel=\"noopener noreferrer\"\n                           href=\"https:\/\/www.instagram.com\/cienciasubb\"\n                           title=\"cienciasubb\">\n                            @cienciasubb                        <\/a>\n                    <\/div>\n                                                                    <h3 class=\"wpsr-ig-header-fullname\">\n                        Facultad de Ciencias UBB                    <\/h3>\n                                                    <div class=\"wpsr-ig-header-description\">\n                                                                            <p>Comprometidos con el mejoramiento de la ense\u00f1anza de las ciencias, investigaci\u00f3n e innovaci\u00f3n en la UBB \ud83d\udd2c\ud83e\uddec\ud83e\uddd1\ud83c\udffb\u200d\ud83d\udcbb\ud83d\udd2d<br \/>\nChill\u00e1n \/ Concepci\u00f3n \ud83d\udc99<br \/>\n#UBBconCIENCIA<\/p>\n                                            <\/div>\n                            <\/div>\n                    <\/div>\n    <\/div>\n<div class=\"wpsr-ig-feed-wrapper-inner\"><div class=\"wpsr-row wpsr-ig-all-feed wpsr_feeds wpsr-column-gap-default\"><div class=\"wpsr-col-4 wpsr-col-sm-4 wpsr-col-xs-12\">            \n            <div role=\"group\" class=\"wpsr-ig-post wpsr-image-ratio-classic \" data-user_name=\"cienciasubb\" data-post_id=\"18061848230429927\" data-image_size=\"full\">\n                <a class=\"wpsr-ig-playmode\" href=https:\/\/www.instagram.com\/p\/DXsLoybDpYp\/                   target=\"_blank\"\n                   data-index=\"0\"\n                   data-playmode=\"instagram\"\n                   data-template-id=\"26011\"\n                   data-user_name=\"cienciasubb\" data-post_id=\"18061848230429927\"\n                   data-image_size=\"full\"\n                   data-optimized_images=\"false\"\n                   rel=\"noopener noreferrer\"\n                >\n                    <div class=\"wpsr-ig-post-media  IMAGE\"\n     id=\"wpsr-video-play-0\">\n\n    \n    \n    \n            <img decoding=\"async\" class=\"wpsr-ig-post-img wpsr-show\" \n             src=\"https:\/\/scontent-scl3-1.cdninstagram.com\/v\/t51.82787-15\/683651142_18147791713493405_2578508990563814750_n.jpg?stp=dst-jpg_e35_tt6&#038;_nc_cat=103&#038;ccb=7-5&#038;_nc_sid=18de74&#038;efg=eyJlZmdfdGFnIjoiQ0FST1VTRUxfSVRFTS5iZXN0X2ltYWdlX3VybGdlbi5DMyJ9&#038;_nc_ohc=Wr5pjI8SB3YQ7kNvwFK0kuO&#038;_nc_oc=AdrxAN0E_-FUh_JDmSSnAZAgSDFG5inWdPjt9-fGz_u8c_Eg5xwXmYk9L9fDyFt5wvw&#038;_nc_zt=23&#038;_nc_ht=scontent-scl3-1.cdninstagram.com&#038;edm=ANo9K5cEAAAA&#038;_nc_gid=-NDh5C3yBq8EVEtJdGcxSQ&#038;_nc_tpa=Q5bMBQFNGCjRox9NoeWRiw9SwgxLhaJBuJDGKNITttnH-8kSZD66qUELS86nBDobuVFVMUi1NbIkZb8g&#038;oh=00_Af10sU3of_2GtpFaGFFD5s-ZDaRvbqa84JgMgGPYQcuU8g&#038;oe=69F76FDD\" \n             alt=\"Acad\u00e9micos del Departamento de Ciencias B\u00e1sicas de la Universidad del B\u00edo-B\u00edo fueron reconocidos en el D\u00eda de la Investigaci\u00f3n e Innovaci\u00f3n 2026 \ud83d\udca1\ud83c\udf31\n\n\ud83e\udd47Una jornada que invita a reconocer, inspirar y proyectar el conocimiento que transforma nuestro entorno, destacando el talento de su comunidad y su compromiso con el desarrollo del territorio en \u00d1uble.\n\n\ud83d\udc4f\ud83c\udffbEl reconocimiento recay\u00f3 en la Dra. Karem Henr\u00edquez Aedo, el Dr. York Schroder y el Dr. Andr\u00e9s Rodr\u00edguez Morales, quienes, a trav\u00e9s de su trabajo, contribuyen al avance del conocimiento y al impacto positivo en la sociedad.\n\n.\n.\n#Investigaci\u00f3nUBB #Innovaci\u00f3n #CienciaConImpacto #\u00d1uble #UBB\" \n             loading=\"lazy\">\n    \n            <div class=\"wpsr-ig-post-type-icon wpsr-ig-post-type-CAROUSEL_ALBUM\"><\/div>\n    <\/div>\n                <\/a>\n                                    <div class=\"wpsr-ig-post-info\">\n                                                <div class=\"wpsr-ig-post-caption\">\n        <p class=\"wpsr-ig-post-caption-text\">\n            Acad\u00e9micos del Departamento de Ciencias B\u00e1sicas de la Universidad del B\u00edo-B\u00edo fueron reconocidos en el D\u00eda de la Investigaci\u00f3n e Innovaci\u00f3n 2026 \ud83d\udca1\ud83c\udf31<br \/>\n<br \/>\n\ud83e\udd47Una jornada que invita a reconocer, inspirar y proyectar el conocimiento que transforma nuestro entorno, destacando el talento de su comunidad y su compromiso con el desarrollo del territorio en \u00d1uble.<br \/>\n<br \/>\n\ud83d\udc4f\ud83c\udffbEl reconocimiento recay\u00f3 en la Dra. Karem Henr\u00edquez Aedo, el Dr. York Schroder y el Dr. Andr\u00e9s Rodr\u00edguez Morales, quienes, a trav\u00e9s de su trabajo, contribuyen al avance del conocimiento y al impacto positivo en la sociedad.<br \/>\n<br \/>\n.<br \/>\n.<br \/>\n#Investigaci\u00f3nUBB #Innovaci\u00f3n #CienciaConImpacto #\u00d1uble #UBB        <\/p>\n    <\/div>\n<div class=\"wpsr-ig-icon\">\n    <svg viewBox=\"0 0 24 24\" width=\"24\" height=\"24\" aria-label=\"Instagram\">\n        <path d=\"M17.1,1H6.9C3.7,1,1,3.7,1,6.9v10.1C1,20.3,3.7,23,6.9,23h10.1c3.3,0,5.9-2.7,5.9-5.9V6.9C23,3.7,20.3,1,17.1,1z\n                                    M21.5,17.1c0,2.4-2,4.4-4.4,4.4H6.9c-2.4,0-4.4-2-4.4-4.4V6.9c0-2.4,2-4.4,4.4-4.4h10.3c2.4,0,4.4,2,4.4,4.4V17.1z\"><\/path>\n        <path d=\"M16.9,11.2c-0.2-1.1-0.6-2-1.4-2.8c-0.8-0.8-1.7-1.2-2.8-1.4c-0.5-0.1-1-0.1-1.4,0C10,7.3,8.9,8,8.1,9S7,11.4,7.2,12.7\n                                    C7.4,14,8,15.1,9.1,15.9c0.9,0.6,1.9,1,2.9,1c0.2,0,0.5,0,0.7-0.1c1.3-0.2,2.5-0.9,3.2-1.9C16.8,13.8,17.1,12.5,16.9,11.2z\n                                        M12.6,15.4c-0.9,0.1-1.8-0.1-2.6-0.6c-0.7-0.6-1.2-1.4-1.4-2.3c-0.1-0.9,0.1-1.8,0.6-2.6c0.6-0.7,1.4-1.2,2.3-1.4\n                                    c0.2,0,0.3,0,0.5,0s0.3,0,0.5,0c1.5,0.2,2.7,1.4,2.9,2.9C15.8,13.3,14.5,15.1,12.6,15.4z\"><\/path>\n        <path d=\"M18.4,5.6c-0.2-0.2-0.4-0.3-0.6-0.3s-0.5,0.1-0.6,0.3c-0.2,0.2-0.3,0.4-0.3,0.6s0.1,0.5,0.3,0.6c0.2,0.2,0.4,0.3,0.6,0.3\n                                    s0.5-0.1,0.6-0.3c0.2-0.2,0.3-0.4,0.3-0.6C18.7,5.9,18.6,5.7,18.4,5.6z\"><\/path>\n    <\/svg>\n<\/div>\n                    <\/div>\n\n                    \n                            <\/div>\n                            <\/div>\n                        <div class=\"wpsr-col-4 wpsr-col-sm-4 wpsr-col-xs-12\">            \n            <div role=\"group\" class=\"wpsr-ig-post wpsr-image-ratio-classic \" data-user_name=\"cienciasubb\" data-post_id=\"18061077701441628\" data-image_size=\"full\">\n                <a class=\"wpsr-ig-playmode\" href=https:\/\/www.instagram.com\/p\/DXr5nuODlWt\/                   target=\"_blank\"\n                   data-index=\"1\"\n                   data-playmode=\"instagram\"\n                   data-template-id=\"26011\"\n                   data-user_name=\"cienciasubb\" data-post_id=\"18061077701441628\"\n                   data-image_size=\"full\"\n                   data-optimized_images=\"false\"\n                   rel=\"noopener noreferrer\"\n                >\n                    <div class=\"wpsr-ig-post-media  IMAGE\"\n     id=\"wpsr-video-play-1\">\n\n    \n    \n    \n            <img decoding=\"async\" class=\"wpsr-ig-post-img wpsr-show\" \n             src=\"https:\/\/scontent-scl3-1.cdninstagram.com\/v\/t51.82787-15\/683205715_18147782536493405_7523996537858171038_n.jpg?stp=dst-jpg_e35_tt6&#038;_nc_cat=103&#038;ccb=7-5&#038;_nc_sid=18de74&#038;efg=eyJlZmdfdGFnIjoiQ0FST1VTRUxfSVRFTS5iZXN0X2ltYWdlX3VybGdlbi5DMyJ9&#038;_nc_ohc=2rzuzT3Kg0cQ7kNvwHVF1Rx&#038;_nc_oc=Adr8fHyeJzNnzQX-IXKsIlSg3RBcySHY7KU2Of52g-MEX_XJULvIE-iEYsqqUjxGNWk&#038;_nc_zt=23&#038;_nc_ht=scontent-scl3-1.cdninstagram.com&#038;edm=ANo9K5cEAAAA&#038;_nc_gid=-NDh5C3yBq8EVEtJdGcxSQ&#038;_nc_tpa=Q5bMBQGqSDE30o3kvsf7sT1rHVC7RCmhnz0j8W5t6heIGEe0v8zhipETu_u2e8JIoabMQyFEbkFrqis1&#038;oh=00_Af0QtHJ63sOqgQOiPEkRa-H7T_3mqI6sd2ZRpcN2zLucLQ&#038;oe=69F75BC4\" \n             alt=\"\ud83e\uddee \u00a1El talento matem\u00e1tico se tom\u00f3 la UBB! \ud83d\ude80\nEl pasado s\u00e1bado vivimos una jornada incre\u00edble en nuestra sede Concepci\u00f3n. M\u00e1s de 600 mentes brillantes de las regiones del Biob\u00edo y \u00d1uble se reunieron presencialmente para la primera etapa del Campeonato Escolar de Matem\u00e1ticas (CMAT) 2026. \ud83c\udfc6\n\nEste a\u00f1o, contamos con un total de 860 inscritos desde 7\u00b0 b\u00e1sico hasta 4\u00b0 medio, quienes aceptaron el desaf\u00edo de ir m\u00e1s all\u00e1 de los n\u00fameros para potenciar su creatividad, razonamiento y trabajo en equipo.\n\nSigamos fomentando la ciencia y la pasi\u00f3n por aprender. \u00a1Nos vemos en la pr\u00f3xima fecha! \ud83e\udde0\ud83d\udcaa\n\n#CMAT2026 #Matem\u00e1ticas #UBB #Concepci\u00f3n #CienciaChile #TalentoEscolar #CMM #ComunidadUBB\" \n             loading=\"lazy\">\n    \n            <div class=\"wpsr-ig-post-type-icon wpsr-ig-post-type-CAROUSEL_ALBUM\"><\/div>\n    <\/div>\n                <\/a>\n                                    <div class=\"wpsr-ig-post-info\">\n                                                <div class=\"wpsr-ig-post-caption\">\n        <p class=\"wpsr-ig-post-caption-text\">\n            \ud83e\uddee \u00a1El talento matem\u00e1tico se tom\u00f3 la UBB! \ud83d\ude80<br \/>\nEl pasado s\u00e1bado vivimos una jornada incre\u00edble en nuestra sede Concepci\u00f3n. M\u00e1s de 600 mentes brillantes de las regiones del Biob\u00edo y \u00d1uble se reunieron presencialmente para la primera etapa del Campeonato Escolar de Matem\u00e1ticas (CMAT) 2026. \ud83c\udfc6<br \/>\n<br \/>\nEste a\u00f1o, contamos con un total de 860 inscritos desde 7\u00b0 b\u00e1sico hasta 4\u00b0 medio, quienes aceptaron el desaf\u00edo de ir m\u00e1s all\u00e1 de los n\u00fameros para potenciar su creatividad, razonamiento y trabajo en equipo.<br \/>\n<br \/>\nSigamos fomentando la ciencia y la pasi\u00f3n por aprender. \u00a1Nos vemos en la pr\u00f3xima fecha! \ud83e\udde0\ud83d\udcaa<br \/>\n<br \/>\n#CMAT2026 #Matem\u00e1ticas #UBB #Concepci\u00f3n #CienciaChile #TalentoEscolar #CMM #ComunidadUBB        <\/p>\n    <\/div>\n<div class=\"wpsr-ig-icon\">\n    <svg viewBox=\"0 0 24 24\" width=\"24\" height=\"24\" aria-label=\"Instagram\">\n        <path d=\"M17.1,1H6.9C3.7,1,1,3.7,1,6.9v10.1C1,20.3,3.7,23,6.9,23h10.1c3.3,0,5.9-2.7,5.9-5.9V6.9C23,3.7,20.3,1,17.1,1z\n                                    M21.5,17.1c0,2.4-2,4.4-4.4,4.4H6.9c-2.4,0-4.4-2-4.4-4.4V6.9c0-2.4,2-4.4,4.4-4.4h10.3c2.4,0,4.4,2,4.4,4.4V17.1z\"><\/path>\n        <path d=\"M16.9,11.2c-0.2-1.1-0.6-2-1.4-2.8c-0.8-0.8-1.7-1.2-2.8-1.4c-0.5-0.1-1-0.1-1.4,0C10,7.3,8.9,8,8.1,9S7,11.4,7.2,12.7\n                                    C7.4,14,8,15.1,9.1,15.9c0.9,0.6,1.9,1,2.9,1c0.2,0,0.5,0,0.7-0.1c1.3-0.2,2.5-0.9,3.2-1.9C16.8,13.8,17.1,12.5,16.9,11.2z\n                                        M12.6,15.4c-0.9,0.1-1.8-0.1-2.6-0.6c-0.7-0.6-1.2-1.4-1.4-2.3c-0.1-0.9,0.1-1.8,0.6-2.6c0.6-0.7,1.4-1.2,2.3-1.4\n                                    c0.2,0,0.3,0,0.5,0s0.3,0,0.5,0c1.5,0.2,2.7,1.4,2.9,2.9C15.8,13.3,14.5,15.1,12.6,15.4z\"><\/path>\n        <path d=\"M18.4,5.6c-0.2-0.2-0.4-0.3-0.6-0.3s-0.5,0.1-0.6,0.3c-0.2,0.2-0.3,0.4-0.3,0.6s0.1,0.5,0.3,0.6c0.2,0.2,0.4,0.3,0.6,0.3\n                                    s0.5-0.1,0.6-0.3c0.2-0.2,0.3-0.4,0.3-0.6C18.7,5.9,18.6,5.7,18.4,5.6z\"><\/path>\n    <\/svg>\n<\/div>\n                    <\/div>\n\n                    \n                            <\/div>\n                            <\/div>\n                        <div class=\"wpsr-col-4 wpsr-col-sm-4 wpsr-col-xs-12\">            \n            <div role=\"group\" class=\"wpsr-ig-post wpsr-image-ratio-classic \" data-user_name=\"cienciasubb\" data-post_id=\"18028032197656487\" data-image_size=\"full\">\n                <a class=\"wpsr-ig-playmode\" href=https:\/\/www.instagram.com\/p\/DXcSUL7DoUv\/                   target=\"_blank\"\n                   data-index=\"2\"\n                   data-playmode=\"instagram\"\n                   data-template-id=\"26011\"\n                   data-user_name=\"cienciasubb\" data-post_id=\"18028032197656487\"\n                   data-image_size=\"full\"\n                   data-optimized_images=\"false\"\n                   rel=\"noopener noreferrer\"\n                >\n                    <div class=\"wpsr-ig-post-media  IMAGE\"\n     id=\"wpsr-video-play-2\">\n\n    \n    \n    \n            <img decoding=\"async\" class=\"wpsr-ig-post-img wpsr-show\" \n             src=\"https:\/\/scontent-scl3-1.cdninstagram.com\/v\/t51.82787-15\/673117010_18147087418493405_1632751346308549495_n.jpg?stp=dst-jpg_e35_tt6&#038;_nc_cat=107&#038;ccb=7-5&#038;_nc_sid=18de74&#038;efg=eyJlZmdfdGFnIjoiQ0FST1VTRUxfSVRFTS5iZXN0X2ltYWdlX3VybGdlbi5DMyJ9&#038;_nc_ohc=m9GiRvwR6FQQ7kNvwHbhnRU&#038;_nc_oc=AdoTHKrbDhl-FyT30wJ6KXI2or1S-PpqHucLgH9NkeXOb5PTJq31G4nV3k9UH7HJwqs&#038;_nc_zt=23&#038;_nc_ht=scontent-scl3-1.cdninstagram.com&#038;edm=ANo9K5cEAAAA&#038;_nc_gid=-NDh5C3yBq8EVEtJdGcxSQ&#038;_nc_tpa=Q5bMBQEWBrvLCZHmui4mW68J5Ti-9whG9LvigBkNNfGQl2bL89nlIH97kd_R2U_06CVNsgRVOOVir_fe&#038;oh=00_Af3Ks2QqqD47Gx8Cz1qiIT5e0MMn9G22q8lFzcWJZdQhyg&#038;oe=69F75987\" \n             alt=\"\u00a1Las XXXVIII Jornadas de Matem\u00e1tica Zona Sur ya est\u00e1n en marcha! \ud83d\udcd0\u2728\nEsta ma\u00f1ana iniciamos con las primeras sesiones acad\u00e9micas, viendo una gran convocatoria de estudiantes e investigadores nacionales e internacionales. \ud83c\udf0e\ud83d\udcc8\n\ud83d\udccd \u00a1Pero esto es solo el comienzo! Queremos invitar a toda la comunidad a la Inauguraci\u00f3n Oficial de este gran evento.\n\ud83d\udd52 \u00bfCu\u00e1ndo? Hoy, a las 16:30 hrs. \ud83c\udfdb\ufe0f \u00bfD\u00f3nde? Aula Magna.\n\u00a1Acomp\u00e1\u00f1anos en este hito inaugural y s\u00e9 parte de la mayor red matem\u00e1tica del sur del pa\u00eds! \ud83d\ude4c\n#Matem\u00e1ticas #ZonaSur #CienciaChile #Inauguraci\u00f3n #AulaMagna #EventoAcad\u00e9mico #UBB #ubbconciencia #dmat\" \n             loading=\"lazy\">\n    \n            <div class=\"wpsr-ig-post-type-icon wpsr-ig-post-type-CAROUSEL_ALBUM\"><\/div>\n    <\/div>\n                <\/a>\n                                    <div class=\"wpsr-ig-post-info\">\n                                                <div class=\"wpsr-ig-post-caption\">\n        <p class=\"wpsr-ig-post-caption-text\">\n            \u00a1Las XXXVIII Jornadas de Matem\u00e1tica Zona Sur ya est\u00e1n en marcha! \ud83d\udcd0\u2728<br \/>\nEsta ma\u00f1ana iniciamos con las primeras sesiones acad\u00e9micas, viendo una gran convocatoria de estudiantes e investigadores nacionales e internacionales. \ud83c\udf0e\ud83d\udcc8<br \/>\n\ud83d\udccd \u00a1Pero esto es solo el comienzo! Queremos invitar a toda la comunidad a la Inauguraci\u00f3n Oficial de este gran evento.<br \/>\n\ud83d\udd52 \u00bfCu\u00e1ndo? Hoy, a las 16:30 hrs. \ud83c\udfdb\ufe0f \u00bfD\u00f3nde? Aula Magna.<br \/>\n\u00a1Acomp\u00e1\u00f1anos en este hito inaugural y s\u00e9 parte de la mayor red matem\u00e1tica del sur del pa\u00eds! \ud83d\ude4c<br \/>\n#Matem\u00e1ticas #ZonaSur #CienciaChile #Inauguraci\u00f3n #AulaMagna #EventoAcad\u00e9mico #UBB #ubbconciencia #dmat        <\/p>\n    <\/div>\n<div class=\"wpsr-ig-icon\">\n    <svg viewBox=\"0 0 24 24\" width=\"24\" height=\"24\" aria-label=\"Instagram\">\n        <path d=\"M17.1,1H6.9C3.7,1,1,3.7,1,6.9v10.1C1,20.3,3.7,23,6.9,23h10.1c3.3,0,5.9-2.7,5.9-5.9V6.9C23,3.7,20.3,1,17.1,1z\n                                    M21.5,17.1c0,2.4-2,4.4-4.4,4.4H6.9c-2.4,0-4.4-2-4.4-4.4V6.9c0-2.4,2-4.4,4.4-4.4h10.3c2.4,0,4.4,2,4.4,4.4V17.1z\"><\/path>\n        <path d=\"M16.9,11.2c-0.2-1.1-0.6-2-1.4-2.8c-0.8-0.8-1.7-1.2-2.8-1.4c-0.5-0.1-1-0.1-1.4,0C10,7.3,8.9,8,8.1,9S7,11.4,7.2,12.7\n                                    C7.4,14,8,15.1,9.1,15.9c0.9,0.6,1.9,1,2.9,1c0.2,0,0.5,0,0.7-0.1c1.3-0.2,2.5-0.9,3.2-1.9C16.8,13.8,17.1,12.5,16.9,11.2z\n                                        M12.6,15.4c-0.9,0.1-1.8-0.1-2.6-0.6c-0.7-0.6-1.2-1.4-1.4-2.3c-0.1-0.9,0.1-1.8,0.6-2.6c0.6-0.7,1.4-1.2,2.3-1.4\n                                    c0.2,0,0.3,0,0.5,0s0.3,0,0.5,0c1.5,0.2,2.7,1.4,2.9,2.9C15.8,13.3,14.5,15.1,12.6,15.4z\"><\/path>\n        <path d=\"M18.4,5.6c-0.2-0.2-0.4-0.3-0.6-0.3s-0.5,0.1-0.6,0.3c-0.2,0.2-0.3,0.4-0.3,0.6s0.1,0.5,0.3,0.6c0.2,0.2,0.4,0.3,0.6,0.3\n                                    s0.5-0.1,0.6-0.3c0.2-0.2,0.3-0.4,0.3-0.6C18.7,5.9,18.6,5.7,18.4,5.6z\"><\/path>\n    <\/svg>\n<\/div>\n                    <\/div>\n\n                    \n                            <\/div>\n                            <\/div>\n                        <div class=\"wpsr-col-4 wpsr-col-sm-4 wpsr-col-xs-12\">            \n            <div role=\"group\" class=\"wpsr-ig-post wpsr-image-ratio-classic \" data-user_name=\"cienciasubb\" data-post_id=\"18584676154013242\" data-image_size=\"full\">\n                <a class=\"wpsr-ig-playmode\" href=https:\/\/www.instagram.com\/p\/DXcJlzQDpa6\/                   target=\"_blank\"\n                   data-index=\"3\"\n                   data-playmode=\"instagram\"\n                   data-template-id=\"26011\"\n                   data-user_name=\"cienciasubb\" data-post_id=\"18584676154013242\"\n                   data-image_size=\"full\"\n                   data-optimized_images=\"false\"\n                   rel=\"noopener noreferrer\"\n                >\n                    <div class=\"wpsr-ig-post-media  IMAGE\"\n     id=\"wpsr-video-play-3\">\n\n    \n    \n    \n            <img decoding=\"async\" class=\"wpsr-ig-post-img wpsr-show\" \n             src=\"https:\/\/scontent-scl3-1.cdninstagram.com\/v\/t51.82787-15\/670879170_18147078187493405_1877605212766647044_n.jpg?stp=dst-jpg_e35_tt6&#038;_nc_cat=108&#038;ccb=7-5&#038;_nc_sid=18de74&#038;efg=eyJlZmdfdGFnIjoiQ0FST1VTRUxfSVRFTS5iZXN0X2ltYWdlX3VybGdlbi5DMyJ9&#038;_nc_ohc=S0PzTwVrROMQ7kNvwGnTOpG&#038;_nc_oc=AdrUjv3Ld1Ip8LDDM4xMYMEIpPyxGjv-_p0AxeDIRXAfU4sJQbl0CitBZRUFsaDhg7Q&#038;_nc_zt=23&#038;_nc_ht=scontent-scl3-1.cdninstagram.com&#038;edm=ANo9K5cEAAAA&#038;_nc_gid=-NDh5C3yBq8EVEtJdGcxSQ&#038;_nc_tpa=Q5bMBQH5z6eOz6ibXwESQKAdySdTWww4T0nswXD4vhZ07qRmAOdclh3eRYEkfd3uCqeQgUwuVTluhW7_&#038;oh=00_Af3nAVhznnNcoq-7-EaquMnzP7Vpnzb-ac0NnCUJcSDZkw&#038;oe=69F77173\" \n             alt=\"\u00a1Ciencia que transforma la industria! \ud83e\uddea\ud83d\udc1f\n\nCon gran \u00e9xito finaliz\u00f3 el proyecto FONDEF ID23I10274, liderado por el Dr. Ram\u00f3n Ahumada del #LabQAS de la Universidad del B\u00edo-B\u00edo. \ud83c\udf93\n\n\u00bfEl desaf\u00edo? Validar un nanomaterial h\u00edbrido capaz de eliminar la trimetilamina, el principal gas causante de olores industriales en la pesca.\ud83d\udc43\ud83d\udeab\n\nGracias al apoyo de @Ci2030, seguimos conectando la investigaci\u00f3n multidisciplinaria con el sector productivo y la sustentabilidad regional. \ud83d\ude80\n\n#UBB #Nanotecnolog\u00eda #Econom\u00edaCircular #Innovaci\u00f3n #Biob\u00edo #Fondef #CienciaAplicada\" \n             loading=\"lazy\">\n    \n            <div class=\"wpsr-ig-post-type-icon wpsr-ig-post-type-CAROUSEL_ALBUM\"><\/div>\n    <\/div>\n                <\/a>\n                                    <div class=\"wpsr-ig-post-info\">\n                                                <div class=\"wpsr-ig-post-caption\">\n        <p class=\"wpsr-ig-post-caption-text\">\n            \u00a1Ciencia que transforma la industria! \ud83e\uddea\ud83d\udc1f<br \/>\n<br \/>\nCon gran \u00e9xito finaliz\u00f3 el proyecto FONDEF ID23I10274, liderado por el Dr. Ram\u00f3n Ahumada del #LabQAS de la Universidad del B\u00edo-B\u00edo. \ud83c\udf93<br \/>\n<br \/>\n\u00bfEl desaf\u00edo? Validar un nanomaterial h\u00edbrido capaz de eliminar la trimetilamina, el principal gas causante de olores industriales en la pesca.\ud83d\udc43\ud83d\udeab<br \/>\n<br \/>\nGracias al apoyo de @Ci2030, seguimos conectando la investigaci\u00f3n multidisciplinaria con el sector productivo y la sustentabilidad regional. \ud83d\ude80<br \/>\n<br \/>\n#UBB #Nanotecnolog\u00eda #Econom\u00edaCircular #Innovaci\u00f3n #Biob\u00edo #Fondef #CienciaAplicada        <\/p>\n    <\/div>\n<div class=\"wpsr-ig-icon\">\n    <svg viewBox=\"0 0 24 24\" width=\"24\" height=\"24\" aria-label=\"Instagram\">\n        <path d=\"M17.1,1H6.9C3.7,1,1,3.7,1,6.9v10.1C1,20.3,3.7,23,6.9,23h10.1c3.3,0,5.9-2.7,5.9-5.9V6.9C23,3.7,20.3,1,17.1,1z\n                                    M21.5,17.1c0,2.4-2,4.4-4.4,4.4H6.9c-2.4,0-4.4-2-4.4-4.4V6.9c0-2.4,2-4.4,4.4-4.4h10.3c2.4,0,4.4,2,4.4,4.4V17.1z\"><\/path>\n        <path d=\"M16.9,11.2c-0.2-1.1-0.6-2-1.4-2.8c-0.8-0.8-1.7-1.2-2.8-1.4c-0.5-0.1-1-0.1-1.4,0C10,7.3,8.9,8,8.1,9S7,11.4,7.2,12.7\n                                    C7.4,14,8,15.1,9.1,15.9c0.9,0.6,1.9,1,2.9,1c0.2,0,0.5,0,0.7-0.1c1.3-0.2,2.5-0.9,3.2-1.9C16.8,13.8,17.1,12.5,16.9,11.2z\n                                        M12.6,15.4c-0.9,0.1-1.8-0.1-2.6-0.6c-0.7-0.6-1.2-1.4-1.4-2.3c-0.1-0.9,0.1-1.8,0.6-2.6c0.6-0.7,1.4-1.2,2.3-1.4\n                                    c0.2,0,0.3,0,0.5,0s0.3,0,0.5,0c1.5,0.2,2.7,1.4,2.9,2.9C15.8,13.3,14.5,15.1,12.6,15.4z\"><\/path>\n        <path d=\"M18.4,5.6c-0.2-0.2-0.4-0.3-0.6-0.3s-0.5,0.1-0.6,0.3c-0.2,0.2-0.3,0.4-0.3,0.6s0.1,0.5,0.3,0.6c0.2,0.2,0.4,0.3,0.6,0.3\n                                    s0.5-0.1,0.6-0.3c0.2-0.2,0.3-0.4,0.3-0.6C18.7,5.9,18.6,5.7,18.4,5.6z\"><\/path>\n    <\/svg>\n<\/div>\n                    <\/div>\n\n                    \n                            <\/div>\n                            <\/div>\n                        <div class=\"wpsr-col-4 wpsr-col-sm-4 wpsr-col-xs-12\">            \n            <div role=\"group\" class=\"wpsr-ig-post wpsr-image-ratio-classic \" data-user_name=\"cienciasubb\" data-post_id=\"18123358768542423\" data-image_size=\"full\">\n                <a class=\"wpsr-ig-playmode\" href=https:\/\/www.instagram.com\/p\/DXZqxZPjtml\/                   target=\"_blank\"\n                   data-index=\"4\"\n                   data-playmode=\"instagram\"\n                   data-template-id=\"26011\"\n                   data-user_name=\"cienciasubb\" data-post_id=\"18123358768542423\"\n                   data-image_size=\"full\"\n                   data-optimized_images=\"false\"\n                   rel=\"noopener noreferrer\"\n                >\n                    <div class=\"wpsr-ig-post-media  IMAGE\"\n     id=\"wpsr-video-play-4\">\n\n    \n    \n    \n            <img decoding=\"async\" class=\"wpsr-ig-post-img wpsr-show\" \n             src=\"https:\/\/scontent-scl3-1.cdninstagram.com\/v\/t51.82787-15\/670868177_18146974705493405_2385304490667371045_n.jpg?stp=dst-jpg_e35_tt6&#038;_nc_cat=100&#038;ccb=7-5&#038;_nc_sid=18de74&#038;efg=eyJlZmdfdGFnIjoiRkVFRC5iZXN0X2ltYWdlX3VybGdlbi5DMyJ9&#038;_nc_ohc=5SQvvXVgFj0Q7kNvwEDCQff&#038;_nc_oc=AdqfYiKdePdFx3SvjLZfNCcvq78i1OyNEWfpT30uC9xm7cpgIXbYKxfBNNVfNoOUSHw&#038;_nc_zt=23&#038;_nc_ht=scontent-scl3-1.cdninstagram.com&#038;edm=ANo9K5cEAAAA&#038;_nc_gid=-NDh5C3yBq8EVEtJdGcxSQ&#038;_nc_tpa=Q5bMBQFPFbC0b6IIp_6LjMhBuXk4v5_Pkzkb9bOspV4xncSCr6zlUB3SHKspY8lzv6CP5mwGh9nSlQq_&#038;oh=00_Af0xbNLhXtkZOG0E6jGwz5YcTOHBSi9NpQDy2OtzFLVVLg&#038;oe=69F76FDD\" \n             alt=\"\ud83d\ude80 \u00a1Nueva Convocatoria! Impulsa tu investigaci\u00f3n con el Concurso Colaborativo Ciencias + Ingenier\u00eda\n\nBuscamos potenciar el desarrollo de proyectos de I+D+i en fase temprana. Invitamos a las y los investigadores de la Facultad de Ciencias a presentar propuestas en conjunto con la Facultad de Ingenier\u00eda.\n\nEl objetivo es claro: fortalecer la ciencia aplicada y generar soluciones tecnol\u00f3gicas con impacto real.\n\n\ud83d\udd0d \u00c1reas prioritarias:\n\u2705 Producci\u00f3n y consumo sustentable de alimentos.\n\u2705 Salud y nutrici\u00f3n humana\/animal.\n\u2705 Conservaci\u00f3n de biodiversidad y cambio clim\u00e1tico.\n\u2705 Ciencia de Datos y otras disciplinas de la Facultad.\n\n\ud83d\udca1 \u00bfPor qu\u00e9 postular?\nEste fondo no solo financia tu idea inicial, sino que busca fortalecer capacidades institucionales, potenciar la transferencia tecnol\u00f3gica y servir de trampol\u00edn para escalar hacia fondos concursables externos.\n\nEscanea el c\u00f3digo QR y encontrar\u00e1s toda la informaci\u00f3n.\n\n#CienciaAplicada #UBB #Investigadores #Innovaci\u00f3n #Sustentabilidad #DataScience #ci2030\" \n             loading=\"lazy\">\n    \n    <\/div>\n                <\/a>\n                                    <div class=\"wpsr-ig-post-info\">\n                                                <div class=\"wpsr-ig-post-caption\">\n        <p class=\"wpsr-ig-post-caption-text\">\n            \ud83d\ude80 \u00a1Nueva Convocatoria! Impulsa tu investigaci\u00f3n con el Concurso Colaborativo Ciencias + Ingenier\u00eda<br \/>\n<br \/>\nBuscamos potenciar el desarrollo de proyectos de I+D+i en fase temprana. Invitamos a las y los investigadores de la Facultad de Ciencias a presentar propuestas en conjunto con la Facultad de Ingenier\u00eda.<br \/>\n<br \/>\nEl objetivo es claro: fortalecer la ciencia aplicada y generar soluciones tecnol\u00f3gicas con impacto real.<br \/>\n<br \/>\n\ud83d\udd0d \u00c1reas prioritarias:<br \/>\n\u2705 Producci\u00f3n y consumo sustentable de alimentos.<br \/>\n\u2705 Salud y nutrici\u00f3n humana\/animal.<br \/>\n\u2705 Conservaci\u00f3n de biodiversidad y cambio clim\u00e1tico.<br \/>\n\u2705 Ciencia de Datos y otras disciplinas de la Facultad.<br \/>\n<br \/>\n\ud83d\udca1 \u00bfPor qu\u00e9 postular?<br \/>\nEste fondo no solo financia tu idea inicial, sino que busca fortalecer capacidades institucionales, potenciar la transferencia tecnol\u00f3gica y servir de trampol\u00edn para escalar hacia fondos concursables externos.<br \/>\n<br \/>\nEscanea el c\u00f3digo QR y encontrar\u00e1s toda la informaci\u00f3n.<br \/>\n<br \/>\n#CienciaAplicada #UBB #Investigadores #Innovaci\u00f3n #Sustentabilidad #DataScience #ci2030        <\/p>\n    <\/div>\n<div class=\"wpsr-ig-icon\">\n    <svg viewBox=\"0 0 24 24\" width=\"24\" height=\"24\" aria-label=\"Instagram\">\n        <path d=\"M17.1,1H6.9C3.7,1,1,3.7,1,6.9v10.1C1,20.3,3.7,23,6.9,23h10.1c3.3,0,5.9-2.7,5.9-5.9V6.9C23,3.7,20.3,1,17.1,1z\n                                    M21.5,17.1c0,2.4-2,4.4-4.4,4.4H6.9c-2.4,0-4.4-2-4.4-4.4V6.9c0-2.4,2-4.4,4.4-4.4h10.3c2.4,0,4.4,2,4.4,4.4V17.1z\"><\/path>\n        <path d=\"M16.9,11.2c-0.2-1.1-0.6-2-1.4-2.8c-0.8-0.8-1.7-1.2-2.8-1.4c-0.5-0.1-1-0.1-1.4,0C10,7.3,8.9,8,8.1,9S7,11.4,7.2,12.7\n                                    C7.4,14,8,15.1,9.1,15.9c0.9,0.6,1.9,1,2.9,1c0.2,0,0.5,0,0.7-0.1c1.3-0.2,2.5-0.9,3.2-1.9C16.8,13.8,17.1,12.5,16.9,11.2z\n                                        M12.6,15.4c-0.9,0.1-1.8-0.1-2.6-0.6c-0.7-0.6-1.2-1.4-1.4-2.3c-0.1-0.9,0.1-1.8,0.6-2.6c0.6-0.7,1.4-1.2,2.3-1.4\n                                    c0.2,0,0.3,0,0.5,0s0.3,0,0.5,0c1.5,0.2,2.7,1.4,2.9,2.9C15.8,13.3,14.5,15.1,12.6,15.4z\"><\/path>\n        <path d=\"M18.4,5.6c-0.2-0.2-0.4-0.3-0.6-0.3s-0.5,0.1-0.6,0.3c-0.2,0.2-0.3,0.4-0.3,0.6s0.1,0.5,0.3,0.6c0.2,0.2,0.4,0.3,0.6,0.3\n                                    s0.5-0.1,0.6-0.3c0.2-0.2,0.3-0.4,0.3-0.6C18.7,5.9,18.6,5.7,18.4,5.6z\"><\/path>\n    <\/svg>\n<\/div>\n                    <\/div>\n\n                    \n                            <\/div>\n                            <\/div>\n                        <div class=\"wpsr-col-4 wpsr-col-sm-4 wpsr-col-xs-12\">            \n            <div role=\"group\" class=\"wpsr-ig-post wpsr-image-ratio-classic \" data-user_name=\"cienciasubb\" data-post_id=\"18100945442318828\" data-image_size=\"full\">\n                <a class=\"wpsr-ig-playmode\" href=https:\/\/www.instagram.com\/p\/DXXbxxOgQDZ\/                   target=\"_blank\"\n                   data-index=\"5\"\n                   data-playmode=\"instagram\"\n                   data-template-id=\"26011\"\n                   data-user_name=\"cienciasubb\" data-post_id=\"18100945442318828\"\n                   data-image_size=\"full\"\n                   data-optimized_images=\"false\"\n                   rel=\"noopener noreferrer\"\n                >\n                    <div class=\"wpsr-ig-post-media  IMAGE\"\n     id=\"wpsr-video-play-5\">\n\n    \n    \n    \n            <img decoding=\"async\" class=\"wpsr-ig-post-img wpsr-show\" \n             src=\"https:\/\/scontent-scl3-1.cdninstagram.com\/v\/t51.82787-15\/674545147_18146890387493405_4671638472253799794_n.jpg?stp=dst-jpg_e35_tt6&#038;_nc_cat=110&#038;ccb=7-5&#038;_nc_sid=18de74&#038;efg=eyJlZmdfdGFnIjoiQ0FST1VTRUxfSVRFTS5iZXN0X2ltYWdlX3VybGdlbi5DMyJ9&#038;_nc_ohc=EvlXGtKd7nUQ7kNvwHafao7&#038;_nc_oc=AdonE9ITtQ1A0gQx1ivqTwnM2GIyRTD8ZA80nXkguV-Wz7fwysP7PCqNUmt27i2Ka9o&#038;_nc_zt=23&#038;_nc_ht=scontent-scl3-1.cdninstagram.com&#038;edm=ANo9K5cEAAAA&#038;_nc_gid=-NDh5C3yBq8EVEtJdGcxSQ&#038;_nc_tpa=Q5bMBQGsbvtz_BFht66VUIrRjVQgJsTbjk4ewMsPTxVDau41ddUWeRKFS5WD9gvkRQNwLghkFyKIm-cr&#038;oh=00_Af0bhikp7NBER8FgG7xvLmMHOecutg_ecudgLPTpPDFU8w&#038;oe=69F789B0\" \n             alt=\"\u00a1Celebrando a\u00f1os de entrega y vocaci\u00f3n en la UBB! \ud83c\udf93\u2728\n\nNos llenamos de orgullo al felicitar a nuestros acad\u00e9micos\/as y administrativos\/as de la Facultad de Ciencias que fueron reconocidos por la Universidad por sus a\u00f1os de servicio. \ud83c\udfc6\nUstedes han visto crecer pasillos, laboratorios y, sobre todo, han visto transformarse a miles de estudiantes que hoy son profesionales gracias a su apoyo, su caf\u00e9 compartido, su gesti\u00f3n impecable y su c\u00e1tedra de excelencia. \n\ud83d\udd2c\u2615\ufe0f\n\n\u00a1Gracias por hacer de la UBB nuestro segundo hogar!\" \n             loading=\"lazy\">\n    \n            <div class=\"wpsr-ig-post-type-icon wpsr-ig-post-type-CAROUSEL_ALBUM\"><\/div>\n    <\/div>\n                <\/a>\n                                    <div class=\"wpsr-ig-post-info\">\n                                                <div class=\"wpsr-ig-post-caption\">\n        <p class=\"wpsr-ig-post-caption-text\">\n            \u00a1Celebrando a\u00f1os de entrega y vocaci\u00f3n en la UBB! \ud83c\udf93\u2728<br \/>\n<br \/>\nNos llenamos de orgullo al felicitar a nuestros acad\u00e9micos\/as y administrativos\/as de la Facultad de Ciencias que fueron reconocidos por la Universidad por sus a\u00f1os de servicio. \ud83c\udfc6<br \/>\nUstedes han visto crecer pasillos, laboratorios y, sobre todo, han visto transformarse a miles de estudiantes que hoy son profesionales gracias a su apoyo, su caf\u00e9 compartido, su gesti\u00f3n impecable y su c\u00e1tedra de excelencia. <br \/>\n\ud83d\udd2c\u2615\ufe0f<br \/>\n<br \/>\n\u00a1Gracias por hacer de la UBB nuestro segundo hogar!        <\/p>\n    <\/div>\n<div class=\"wpsr-ig-icon\">\n    <svg viewBox=\"0 0 24 24\" width=\"24\" height=\"24\" aria-label=\"Instagram\">\n        <path d=\"M17.1,1H6.9C3.7,1,1,3.7,1,6.9v10.1C1,20.3,3.7,23,6.9,23h10.1c3.3,0,5.9-2.7,5.9-5.9V6.9C23,3.7,20.3,1,17.1,1z\n                                    M21.5,17.1c0,2.4-2,4.4-4.4,4.4H6.9c-2.4,0-4.4-2-4.4-4.4V6.9c0-2.4,2-4.4,4.4-4.4h10.3c2.4,0,4.4,2,4.4,4.4V17.1z\"><\/path>\n        <path d=\"M16.9,11.2c-0.2-1.1-0.6-2-1.4-2.8c-0.8-0.8-1.7-1.2-2.8-1.4c-0.5-0.1-1-0.1-1.4,0C10,7.3,8.9,8,8.1,9S7,11.4,7.2,12.7\n                                    C7.4,14,8,15.1,9.1,15.9c0.9,0.6,1.9,1,2.9,1c0.2,0,0.5,0,0.7-0.1c1.3-0.2,2.5-0.9,3.2-1.9C16.8,13.8,17.1,12.5,16.9,11.2z\n                                        M12.6,15.4c-0.9,0.1-1.8-0.1-2.6-0.6c-0.7-0.6-1.2-1.4-1.4-2.3c-0.1-0.9,0.1-1.8,0.6-2.6c0.6-0.7,1.4-1.2,2.3-1.4\n                                    c0.2,0,0.3,0,0.5,0s0.3,0,0.5,0c1.5,0.2,2.7,1.4,2.9,2.9C15.8,13.3,14.5,15.1,12.6,15.4z\"><\/path>\n        <path d=\"M18.4,5.6c-0.2-0.2-0.4-0.3-0.6-0.3s-0.5,0.1-0.6,0.3c-0.2,0.2-0.3,0.4-0.3,0.6s0.1,0.5,0.3,0.6c0.2,0.2,0.4,0.3,0.6,0.3\n                                    s0.5-0.1,0.6-0.3c0.2-0.2,0.3-0.4,0.3-0.6C18.7,5.9,18.6,5.7,18.4,5.6z\"><\/path>\n    <\/svg>\n<\/div>\n                    <\/div>\n\n                    \n                            <\/div>\n                            <\/div>\n                        <\/div><div class=\"wpsr-ig-footer wpsr-row \"><\/div><\/div><\/div><\/div>\t\t\t\t<\/div>\n\t\t\t\t<\/div>\n\t\t\t\t\t<\/div>\n\t\t\t\t<\/div>\n\t\t\t\t<\/div>\n\t\t","protected":false},"excerpt":{"rendered":"<p>Novedades Noticias\u200b Escuela de Primavera 2025, E'(UBB)- 2025 Escuela de Primavera 2025, E'(UBB)- 2025 Escuela de Primavera en Matem\u00e1tica&#8230; Leer m\u00e1s 11 de Agosto de 2025 Docentes y estudiantes de postgrado de la Facultad de Ciencias participaron en el COMCA2023 Acad\u00e9micos\/as y estudiantes de la Facultad de Ciencias de la Universidad&#8230; Leer m\u00e1s 8 de [&hellip;]<\/p>\n","protected":false},"author":1,"featured_media":0,"parent":0,"menu_order":0,"comment_status":"closed","ping_status":"closed","template":"","meta":{"site-sidebar-layout":"no-sidebar","site-content-layout":"page-builder","ast-site-content-layout":"full-width-container","site-content-style":"unboxed","site-sidebar-style":"unboxed","ast-global-header-display":"","ast-banner-title-visibility":"","ast-main-header-display":"","ast-hfb-above-header-display":"","ast-hfb-below-header-display":"","ast-hfb-mobile-header-display":"","site-post-title":"disabled","ast-breadcrumbs-content":"","ast-featured-img":"disabled","footer-sml-layout":"","ast-disable-related-posts":"","theme-transparent-header-meta":"enabled","adv-header-id-meta":"","stick-header-meta":"","header-above-stick-meta":"","header-main-stick-meta":"","header-below-stick-meta":"","astra-migrate-meta-layouts":"set","ast-page-background-enabled":"default","ast-page-background-meta":{"desktop":{"background-color":"","background-image":"","background-repeat":"repeat","background-position":"center center","background-size":"auto","background-attachment":"scroll","background-type":"","background-media":"","overlay-type":"","overlay-color":"","overlay-opacity":"","overlay-gradient":""},"tablet":{"background-color":"","background-image":"","background-repeat":"repeat","background-position":"center center","background-size":"auto","background-attachment":"scroll","background-type":"","background-media":"","overlay-type":"","overlay-color":"","overlay-opacity":"","overlay-gradient":""},"mobile":{"background-color":"","background-image":"","background-repeat":"repeat","background-position":"center center","background-size":"auto","background-attachment":"scroll","background-type":"","background-media":"","overlay-type":"","overlay-color":"","overlay-opacity":"","overlay-gradient":""}},"ast-content-background-meta":{"desktop":{"background-color":"var(--ast-global-color-5)","background-image":"","background-repeat":"repeat","background-position":"center center","background-size":"auto","background-attachment":"scroll","background-type":"","background-media":"","overlay-type":"","overlay-color":"","overlay-opacity":"","overlay-gradient":""},"tablet":{"background-color":"var(--ast-global-color-5)","background-image":"","background-repeat":"repeat","background-position":"center center","background-size":"auto","background-attachment":"scroll","background-type":"","background-media":"","overlay-type":"","overlay-color":"","overlay-opacity":"","overlay-gradient":""},"mobile":{"background-color":"var(--ast-global-color-5)","background-image":"","background-repeat":"repeat","background-position":"center center","background-size":"auto","background-attachment":"scroll","background-type":"","background-media":"","overlay-type":"","overlay-color":"","overlay-opacity":"","overlay-gradient":""}},"footnotes":""},"class_list":["post-26112","page","type-page","status-publish","hentry"],"_links":{"self":[{"href":"https:\/\/ciencias.ubiobio.cl\/faci\/index.php\/wp-json\/wp\/v2\/pages\/26112","targetHints":{"allow":["GET"]}}],"collection":[{"href":"https:\/\/ciencias.ubiobio.cl\/faci\/index.php\/wp-json\/wp\/v2\/pages"}],"about":[{"href":"https:\/\/ciencias.ubiobio.cl\/faci\/index.php\/wp-json\/wp\/v2\/types\/page"}],"author":[{"embeddable":true,"href":"https:\/\/ciencias.ubiobio.cl\/faci\/index.php\/wp-json\/wp\/v2\/users\/1"}],"replies":[{"embeddable":true,"href":"https:\/\/ciencias.ubiobio.cl\/faci\/index.php\/wp-json\/wp\/v2\/comments?post=26112"}],"version-history":[{"count":67,"href":"https:\/\/ciencias.ubiobio.cl\/faci\/index.php\/wp-json\/wp\/v2\/pages\/26112\/revisions"}],"predecessor-version":[{"id":26664,"href":"https:\/\/ciencias.ubiobio.cl\/faci\/index.php\/wp-json\/wp\/v2\/pages\/26112\/revisions\/26664"}],"wp:attachment":[{"href":"https:\/\/ciencias.ubiobio.cl\/faci\/index.php\/wp-json\/wp\/v2\/media?parent=26112"}],"curies":[{"name":"wp","href":"https:\/\/api.w.org\/{rel}","templated":true}]}}